{"id":98,"date":"2021-01-06T18:15:18","date_gmt":"2021-01-06T17:15:18","guid":{"rendered":"http:\/\/www.atlantis-bildungszentrum.de\/?page_id=98"},"modified":"2026-04-25T15:39:57","modified_gmt":"2026-04-25T13:39:57","slug":"termine-und-anmeldung","status":"publish","type":"page","link":"https:\/\/www.atlantis-bildungszentrum.de\/index.php\/termine-und-anmeldung\/","title":{"rendered":"Termine und Anmeldung"},"content":{"rendered":"<div class=\"wpb-content-wrapper\"><div  data-delay=\"0\" class=\"vc_row wpb_row vc_row-fluid\"><div class=\"wpb_column vc_column_container vc_col-sm-12\" data-delay=\"0\"><div class=\"vc_column-inner \"><div class=\"wpb_wrapper\"><h2 style=\"font-size: 30px;line-height: 40px;text-align: left\" class=\"vc_custom_heading vcr_heading-right\" >N\u00e4chste Pr\u00fcfungstermine<\/h2>\n\t<div class=\"wpb_text_column wpb_content_element  vc_custom_1544697880169\" >\n\t\t<div class=\"wpb_wrapper\">\n\t\t\t<div class='dt-sc-small-separator '><\/div>\n\n\t\t<\/div>\n\t<\/div>\n<div class=\"vc_row wpb_row vc_inner vc_row-fluid\"><div class=\"wpb_column vc_column_container vc_col-sm-4\"><div class=\"vc_column-inner \"><div class=\"wpb_wrapper\"><div class='dt-sc-image-caption   wpb_animate_when_almost_visible wpb_fadeInRight fadeInRight simple-rounded width100' data-delay='500'><div class='dt-sc-image-wrapper'><img loading=\"lazy\" decoding=\"async\" width=\"1600\" height=\"1057\" src=\"https:\/\/www.atlantis-bildungszentrum.de\/wp-content\/uploads\/2021\/01\/atlantis-bildungszentrum-19.jpg\" class=\"attachment-full\" alt=\"\" title=\"students and teacher with tablet pc at school\" srcset=\"https:\/\/www.atlantis-bildungszentrum.de\/wp-content\/uploads\/2021\/01\/atlantis-bildungszentrum-19.jpg 1600w, https:\/\/www.atlantis-bildungszentrum.de\/wp-content\/uploads\/2021\/01\/atlantis-bildungszentrum-19-300x198.jpg 300w, https:\/\/www.atlantis-bildungszentrum.de\/wp-content\/uploads\/2021\/01\/atlantis-bildungszentrum-19-1024x676.jpg 1024w, https:\/\/www.atlantis-bildungszentrum.de\/wp-content\/uploads\/2021\/01\/atlantis-bildungszentrum-19-768x507.jpg 768w, https:\/\/www.atlantis-bildungszentrum.de\/wp-content\/uploads\/2021\/01\/atlantis-bildungszentrum-19-1536x1015.jpg 1536w, https:\/\/www.atlantis-bildungszentrum.de\/wp-content\/uploads\/2021\/01\/atlantis-bildungszentrum-19-750x495.jpg 750w, https:\/\/www.atlantis-bildungszentrum.de\/wp-content\/uploads\/2021\/01\/atlantis-bildungszentrum-19-540x357.jpg 540w\" sizes=\"auto, (max-width: 1600px) 100vw, 1600px\" \/><\/div><div class='dt-sc-image-content'><div class='dt-sc-image-title'><h3>telc-Pr\u00fcfung A1 Deutsch<\/h3><\/div><p>Pr\u00fcfungsdatum: <strong>26.06.2026<\/strong><\/p>\n<p>Pr\u00fcfungsort: <strong>Bahnhofstr. 23, 44623 Herne<\/strong><\/p><\/div><\/div><\/div><\/div><\/div><div class=\"wpb_column vc_column_container vc_col-sm-4\"><div class=\"vc_column-inner \"><div class=\"wpb_wrapper\"><div class='dt-sc-image-caption   wpb_animate_when_almost_visible wpb_fadeInRight fadeInRight simple-rounded width100' data-delay='500'><div class='dt-sc-image-wrapper'><img loading=\"lazy\" decoding=\"async\" width=\"1600\" height=\"1067\" src=\"https:\/\/www.atlantis-bildungszentrum.de\/wp-content\/uploads\/2021\/01\/atlantis-bildungszentrum-20.jpg\" class=\"attachment-full\" alt=\"\" title=\"Writing an exam at university\" srcset=\"https:\/\/www.atlantis-bildungszentrum.de\/wp-content\/uploads\/2021\/01\/atlantis-bildungszentrum-20.jpg 1600w, https:\/\/www.atlantis-bildungszentrum.de\/wp-content\/uploads\/2021\/01\/atlantis-bildungszentrum-20-300x200.jpg 300w, https:\/\/www.atlantis-bildungszentrum.de\/wp-content\/uploads\/2021\/01\/atlantis-bildungszentrum-20-1024x683.jpg 1024w, https:\/\/www.atlantis-bildungszentrum.de\/wp-content\/uploads\/2021\/01\/atlantis-bildungszentrum-20-768x512.jpg 768w, https:\/\/www.atlantis-bildungszentrum.de\/wp-content\/uploads\/2021\/01\/atlantis-bildungszentrum-20-1536x1024.jpg 1536w, https:\/\/www.atlantis-bildungszentrum.de\/wp-content\/uploads\/2021\/01\/atlantis-bildungszentrum-20-960x640.jpg 960w, https:\/\/www.atlantis-bildungszentrum.de\/wp-content\/uploads\/2021\/01\/atlantis-bildungszentrum-20-750x500.jpg 750w, https:\/\/www.atlantis-bildungszentrum.de\/wp-content\/uploads\/2021\/01\/atlantis-bildungszentrum-20-570x380.jpg 570w, https:\/\/www.atlantis-bildungszentrum.de\/wp-content\/uploads\/2021\/01\/atlantis-bildungszentrum-20-600x400.jpg 600w, https:\/\/www.atlantis-bildungszentrum.de\/wp-content\/uploads\/2021\/01\/atlantis-bildungszentrum-20-540x360.jpg 540w\" sizes=\"auto, (max-width: 1600px) 100vw, 1600px\" \/><\/div><div class='dt-sc-image-content'><div class='dt-sc-image-title'><h3>telc-Pr\u00fcfung A2 Deutsch<\/h3><\/div><p>Pr\u00fcfungsdatum: <strong>26.06.2026<\/strong><\/p>\n<p>Pr\u00fcfungsort: <strong>Bahnhofstr. 23, 44623 Herne<\/strong><\/p><\/div><\/div><\/div><\/div><\/div><div class=\"wpb_column vc_column_container vc_col-sm-4\"><div class=\"vc_column-inner \"><div class=\"wpb_wrapper\"><div class='dt-sc-image-caption   wpb_animate_when_almost_visible wpb_fadeInRight fadeInRight simple-rounded width100' data-delay='500'><div class='dt-sc-image-wrapper'><img loading=\"lazy\" decoding=\"async\" width=\"1600\" height=\"1067\" src=\"https:\/\/www.atlantis-bildungszentrum.de\/wp-content\/uploads\/2021\/01\/atlantis-bildungszentrum-5.jpg\" class=\"attachment-full\" alt=\"\" title=\"Education\" srcset=\"https:\/\/www.atlantis-bildungszentrum.de\/wp-content\/uploads\/2021\/01\/atlantis-bildungszentrum-5.jpg 1600w, https:\/\/www.atlantis-bildungszentrum.de\/wp-content\/uploads\/2021\/01\/atlantis-bildungszentrum-5-300x200.jpg 300w, https:\/\/www.atlantis-bildungszentrum.de\/wp-content\/uploads\/2021\/01\/atlantis-bildungszentrum-5-1024x683.jpg 1024w, https:\/\/www.atlantis-bildungszentrum.de\/wp-content\/uploads\/2021\/01\/atlantis-bildungszentrum-5-768x512.jpg 768w, https:\/\/www.atlantis-bildungszentrum.de\/wp-content\/uploads\/2021\/01\/atlantis-bildungszentrum-5-1536x1024.jpg 1536w, https:\/\/www.atlantis-bildungszentrum.de\/wp-content\/uploads\/2021\/01\/atlantis-bildungszentrum-5-960x640.jpg 960w, https:\/\/www.atlantis-bildungszentrum.de\/wp-content\/uploads\/2021\/01\/atlantis-bildungszentrum-5-750x500.jpg 750w, https:\/\/www.atlantis-bildungszentrum.de\/wp-content\/uploads\/2021\/01\/atlantis-bildungszentrum-5-570x380.jpg 570w, https:\/\/www.atlantis-bildungszentrum.de\/wp-content\/uploads\/2021\/01\/atlantis-bildungszentrum-5-600x400.jpg 600w, https:\/\/www.atlantis-bildungszentrum.de\/wp-content\/uploads\/2021\/01\/atlantis-bildungszentrum-5-540x360.jpg 540w\" sizes=\"auto, (max-width: 1600px) 100vw, 1600px\" \/><\/div><div class='dt-sc-image-content'><div class='dt-sc-image-title'><h3>telc-Pr\u00fcfung B1 Deutsch<\/h3><\/div><p>Pr\u00fcfungsdatum: <strong>27.06.2026<\/strong><\/p>\n<p>Pr\u00fcfungsort: <strong>Bahnhofstr. 23, 44623 Herne<\/strong><\/p><\/div><\/div><\/div><\/div><\/div><\/div><div class=\"vc_row wpb_row vc_inner vc_row-fluid\"><div class=\"wpb_column vc_column_container vc_col-sm-4\"><div class=\"vc_column-inner \"><div class=\"wpb_wrapper\"><div class='dt-sc-image-caption   wpb_animate_when_almost_visible wpb_fadeInRight fadeInRight simple-rounded width100' data-delay='500'><div class='dt-sc-image-wrapper'><img loading=\"lazy\" decoding=\"async\" width=\"1600\" height=\"1057\" src=\"https:\/\/www.atlantis-bildungszentrum.de\/wp-content\/uploads\/2021\/01\/atlantis-bildungszentrum-19.jpg\" class=\"attachment-full\" alt=\"\" title=\"students and teacher with tablet pc at school\" srcset=\"https:\/\/www.atlantis-bildungszentrum.de\/wp-content\/uploads\/2021\/01\/atlantis-bildungszentrum-19.jpg 1600w, https:\/\/www.atlantis-bildungszentrum.de\/wp-content\/uploads\/2021\/01\/atlantis-bildungszentrum-19-300x198.jpg 300w, https:\/\/www.atlantis-bildungszentrum.de\/wp-content\/uploads\/2021\/01\/atlantis-bildungszentrum-19-1024x676.jpg 1024w, https:\/\/www.atlantis-bildungszentrum.de\/wp-content\/uploads\/2021\/01\/atlantis-bildungszentrum-19-768x507.jpg 768w, https:\/\/www.atlantis-bildungszentrum.de\/wp-content\/uploads\/2021\/01\/atlantis-bildungszentrum-19-1536x1015.jpg 1536w, https:\/\/www.atlantis-bildungszentrum.de\/wp-content\/uploads\/2021\/01\/atlantis-bildungszentrum-19-750x495.jpg 750w, https:\/\/www.atlantis-bildungszentrum.de\/wp-content\/uploads\/2021\/01\/atlantis-bildungszentrum-19-540x357.jpg 540w\" sizes=\"auto, (max-width: 1600px) 100vw, 1600px\" \/><\/div><div class='dt-sc-image-content'><div class='dt-sc-image-title'><h3>telc-Pr\u00fcfung B2 Deutsch<\/h3><\/div><p>Pr\u00fcfungsdatum: <b>27.06.2026\n<\/b>Pr\u00fcfungsort: <strong>Bahnhofstr. 23, 44623 Herne<\/strong><\/p><\/div><\/div><\/div><\/div><\/div><div class=\"wpb_column vc_column_container vc_col-sm-4\"><div class=\"vc_column-inner \"><div class=\"wpb_wrapper\"><div class='dt-sc-image-caption   wpb_animate_when_almost_visible wpb_fadeInRight fadeInRight simple-rounded width100' data-delay='500'><div class='dt-sc-image-wrapper'><img loading=\"lazy\" decoding=\"async\" width=\"1600\" height=\"1067\" src=\"https:\/\/www.atlantis-bildungszentrum.de\/wp-content\/uploads\/2021\/01\/atlantis-bildungszentrum-20.jpg\" class=\"attachment-full\" alt=\"\" title=\"Writing an exam at university\" srcset=\"https:\/\/www.atlantis-bildungszentrum.de\/wp-content\/uploads\/2021\/01\/atlantis-bildungszentrum-20.jpg 1600w, https:\/\/www.atlantis-bildungszentrum.de\/wp-content\/uploads\/2021\/01\/atlantis-bildungszentrum-20-300x200.jpg 300w, https:\/\/www.atlantis-bildungszentrum.de\/wp-content\/uploads\/2021\/01\/atlantis-bildungszentrum-20-1024x683.jpg 1024w, https:\/\/www.atlantis-bildungszentrum.de\/wp-content\/uploads\/2021\/01\/atlantis-bildungszentrum-20-768x512.jpg 768w, https:\/\/www.atlantis-bildungszentrum.de\/wp-content\/uploads\/2021\/01\/atlantis-bildungszentrum-20-1536x1024.jpg 1536w, https:\/\/www.atlantis-bildungszentrum.de\/wp-content\/uploads\/2021\/01\/atlantis-bildungszentrum-20-960x640.jpg 960w, https:\/\/www.atlantis-bildungszentrum.de\/wp-content\/uploads\/2021\/01\/atlantis-bildungszentrum-20-750x500.jpg 750w, https:\/\/www.atlantis-bildungszentrum.de\/wp-content\/uploads\/2021\/01\/atlantis-bildungszentrum-20-570x380.jpg 570w, https:\/\/www.atlantis-bildungszentrum.de\/wp-content\/uploads\/2021\/01\/atlantis-bildungszentrum-20-600x400.jpg 600w, https:\/\/www.atlantis-bildungszentrum.de\/wp-content\/uploads\/2021\/01\/atlantis-bildungszentrum-20-540x360.jpg 540w\" sizes=\"auto, (max-width: 1600px) 100vw, 1600px\" \/><\/div><div class='dt-sc-image-content'><div class='dt-sc-image-title'><h3>telc-Pr\u00fcfung C1 Deutsch<\/h3><\/div><p>Pr\u00fcfungsdatum: <strong>27.06.2026\n<\/strong><\/p>\n<p>Pr\u00fcfungsort: <strong>Bahnhofstr. 23, 44623 Herne<\/strong><\/p><\/div><\/div><\/div><\/div><\/div><div class=\"wpb_column vc_column_container vc_col-sm-4\"><div class=\"vc_column-inner \"><div class=\"wpb_wrapper\"><div class='dt-sc-image-caption   wpb_animate_when_almost_visible wpb_fadeInRight fadeInRight simple-rounded width100' data-delay='500'><div class='dt-sc-image-wrapper'><img loading=\"lazy\" decoding=\"async\" width=\"1600\" height=\"1067\" src=\"https:\/\/www.atlantis-bildungszentrum.de\/wp-content\/uploads\/2021\/01\/atlantis-bildungszentrum-5.jpg\" class=\"attachment-full\" alt=\"\" title=\"Education\" srcset=\"https:\/\/www.atlantis-bildungszentrum.de\/wp-content\/uploads\/2021\/01\/atlantis-bildungszentrum-5.jpg 1600w, https:\/\/www.atlantis-bildungszentrum.de\/wp-content\/uploads\/2021\/01\/atlantis-bildungszentrum-5-300x200.jpg 300w, https:\/\/www.atlantis-bildungszentrum.de\/wp-content\/uploads\/2021\/01\/atlantis-bildungszentrum-5-1024x683.jpg 1024w, https:\/\/www.atlantis-bildungszentrum.de\/wp-content\/uploads\/2021\/01\/atlantis-bildungszentrum-5-768x512.jpg 768w, https:\/\/www.atlantis-bildungszentrum.de\/wp-content\/uploads\/2021\/01\/atlantis-bildungszentrum-5-1536x1024.jpg 1536w, https:\/\/www.atlantis-bildungszentrum.de\/wp-content\/uploads\/2021\/01\/atlantis-bildungszentrum-5-960x640.jpg 960w, https:\/\/www.atlantis-bildungszentrum.de\/wp-content\/uploads\/2021\/01\/atlantis-bildungszentrum-5-750x500.jpg 750w, https:\/\/www.atlantis-bildungszentrum.de\/wp-content\/uploads\/2021\/01\/atlantis-bildungszentrum-5-570x380.jpg 570w, https:\/\/www.atlantis-bildungszentrum.de\/wp-content\/uploads\/2021\/01\/atlantis-bildungszentrum-5-600x400.jpg 600w, https:\/\/www.atlantis-bildungszentrum.de\/wp-content\/uploads\/2021\/01\/atlantis-bildungszentrum-5-540x360.jpg 540w\" sizes=\"auto, (max-width: 1600px) 100vw, 1600px\" \/><\/div><div class='dt-sc-image-content'><div class='dt-sc-image-title'><h3>telc-Pr\u00fcfung C1 Deutsch \/ Hochschule<\/h3><\/div><p>Pr\u00fcfungsdatum: <b>27.06.2026<\/b>\nPr\u00fcfungsort: <strong>Bahnhofstr. 23, 44623 Herne<\/strong><\/p><\/div><\/div><\/div><\/div><\/div><\/div><div class=\"vc_row wpb_row vc_inner vc_row-fluid\"><div class=\"wpb_column vc_column_container vc_col-sm-4\"><div class=\"vc_column-inner \"><div class=\"wpb_wrapper\"><div class='dt-sc-image-caption   wpb_animate_when_almost_visible wpb_fadeInRight fadeInRight simple-rounded width100' data-delay='500'><div class='dt-sc-image-wrapper'><img loading=\"lazy\" decoding=\"async\" width=\"1600\" height=\"1057\" src=\"https:\/\/www.atlantis-bildungszentrum.de\/wp-content\/uploads\/2021\/01\/atlantis-bildungszentrum-19.jpg\" class=\"attachment-full\" alt=\"\" title=\"students and teacher with tablet pc at school\" srcset=\"https:\/\/www.atlantis-bildungszentrum.de\/wp-content\/uploads\/2021\/01\/atlantis-bildungszentrum-19.jpg 1600w, https:\/\/www.atlantis-bildungszentrum.de\/wp-content\/uploads\/2021\/01\/atlantis-bildungszentrum-19-300x198.jpg 300w, https:\/\/www.atlantis-bildungszentrum.de\/wp-content\/uploads\/2021\/01\/atlantis-bildungszentrum-19-1024x676.jpg 1024w, https:\/\/www.atlantis-bildungszentrum.de\/wp-content\/uploads\/2021\/01\/atlantis-bildungszentrum-19-768x507.jpg 768w, https:\/\/www.atlantis-bildungszentrum.de\/wp-content\/uploads\/2021\/01\/atlantis-bildungszentrum-19-1536x1015.jpg 1536w, https:\/\/www.atlantis-bildungszentrum.de\/wp-content\/uploads\/2021\/01\/atlantis-bildungszentrum-19-750x495.jpg 750w, https:\/\/www.atlantis-bildungszentrum.de\/wp-content\/uploads\/2021\/01\/atlantis-bildungszentrum-19-540x357.jpg 540w\" sizes=\"auto, (max-width: 1600px) 100vw, 1600px\" \/><\/div><div class='dt-sc-image-content'><div class='dt-sc-image-title'><h3>Telc Deutsch C2<\/h3><\/div><p>Pr\u00fcfungsdatum: <b>27.06.2026\n<\/b>Pr\u00fcfungsort: <strong>Bahnhofstr. 23, 44623 Herne<\/strong><\/p><\/div><\/div><\/div><\/div><\/div><\/div><div class=\"vc_empty_space\"   style=\"height: 32px\"><span class=\"vc_empty_space_inner\"><\/span><\/div><\/div><\/div><\/div><\/div><div  data-delay=\"0\" class=\"vc_row wpb_row vc_row-fluid\"><div class=\"wpb_column vc_column_container vc_col-sm-12\" data-delay=\"0\"><div class=\"vc_column-inner \"><div class=\"wpb_wrapper\"><h2 style=\"font-size: 30px;line-height: 40px;text-align: left\" class=\"vc_custom_heading vcr_heading-right\" >N\u00e4chste Kurstermine<\/h2>\n\t<div class=\"wpb_text_column wpb_content_element  vc_custom_1544697880169\" >\n\t\t<div class=\"wpb_wrapper\">\n\t\t\t<div class='dt-sc-small-separator '><\/div>\n\n\t\t<\/div>\n\t<\/div>\n<div class=\"vc_row wpb_row vc_inner vc_row-fluid\"><div class=\"wpb_column vc_column_container vc_col-sm-4\"><div class=\"vc_column-inner \"><div class=\"wpb_wrapper\"><div class='dt-sc-image-caption   wpb_animate_when_almost_visible wpb_fadeInRight fadeInRight simple-rounded width100' data-delay='500'><div class='dt-sc-image-wrapper'><img loading=\"lazy\" decoding=\"async\" width=\"1600\" height=\"1057\" src=\"https:\/\/www.atlantis-bildungszentrum.de\/wp-content\/uploads\/2021\/01\/atlantis-bildungszentrum-19.jpg\" class=\"attachment-full\" alt=\"\" title=\"students and teacher with tablet pc at school\" srcset=\"https:\/\/www.atlantis-bildungszentrum.de\/wp-content\/uploads\/2021\/01\/atlantis-bildungszentrum-19.jpg 1600w, https:\/\/www.atlantis-bildungszentrum.de\/wp-content\/uploads\/2021\/01\/atlantis-bildungszentrum-19-300x198.jpg 300w, https:\/\/www.atlantis-bildungszentrum.de\/wp-content\/uploads\/2021\/01\/atlantis-bildungszentrum-19-1024x676.jpg 1024w, https:\/\/www.atlantis-bildungszentrum.de\/wp-content\/uploads\/2021\/01\/atlantis-bildungszentrum-19-768x507.jpg 768w, https:\/\/www.atlantis-bildungszentrum.de\/wp-content\/uploads\/2021\/01\/atlantis-bildungszentrum-19-1536x1015.jpg 1536w, https:\/\/www.atlantis-bildungszentrum.de\/wp-content\/uploads\/2021\/01\/atlantis-bildungszentrum-19-750x495.jpg 750w, https:\/\/www.atlantis-bildungszentrum.de\/wp-content\/uploads\/2021\/01\/atlantis-bildungszentrum-19-540x357.jpg 540w\" sizes=\"auto, (max-width: 1600px) 100vw, 1600px\" \/><\/div><div class='dt-sc-image-content'><div class='dt-sc-image-title'><h3>Deutschkurs A1<\/h3><h6>Kursdauer: 200 Std.<\/h6><\/div><p>In unserer Bildungseinrichtung in Herne bieten wir Deutschkurse gem\u00e4\u00df dem Gemeinsamen Europ\u00e4ischen Referenzrahmen (GER) an.<\/p>\n<p>&nbsp;<\/p>\n<p><button id=\"ubtn-8622\" class=\"ubtn ult-adjust-bottom-margin ult-responsive ubtn-normal ubtn-no-hover-bg none ubtn-right tooltip-5feb5056b1b1c\" type=\"button\" data-hover=\"\" data-border-color=\"\" data-bg=\"#000000\" data-hover-bg=\"\" data-border-hover=\"\" data-shadow-hover=\"\" data-shadow-click=\"none\" data-shadow=\"\" data-shd-shadow=\"\" data-ultimate-target=\"#ubtn-8622\" data-responsive-json-new=\"{&quot;font-size&quot;:&quot;&quot;,&quot;line-height&quot;:&quot;&quot;}\"><span class=\"ubtn-data ubtn-text \">399\u20ac<\/span><\/button><\/p><\/div><\/div><\/div><\/div><\/div><div class=\"wpb_column vc_column_container vc_col-sm-4\"><div class=\"vc_column-inner \"><div class=\"wpb_wrapper\"><div class='dt-sc-image-caption   wpb_animate_when_almost_visible wpb_fadeInRight fadeInRight simple-rounded width100' data-delay='500'><div class='dt-sc-image-wrapper'><img loading=\"lazy\" decoding=\"async\" width=\"1600\" height=\"1067\" src=\"https:\/\/www.atlantis-bildungszentrum.de\/wp-content\/uploads\/2021\/01\/atlantis-bildungszentrum-15.jpg\" class=\"attachment-full\" alt=\"pflegekr\u00e4fte aus dem ausland\" title=\"pflegekr\u00e4fte aus dem ausland\" srcset=\"https:\/\/www.atlantis-bildungszentrum.de\/wp-content\/uploads\/2021\/01\/atlantis-bildungszentrum-15.jpg 1600w, https:\/\/www.atlantis-bildungszentrum.de\/wp-content\/uploads\/2021\/01\/atlantis-bildungszentrum-15-300x200.jpg 300w, https:\/\/www.atlantis-bildungszentrum.de\/wp-content\/uploads\/2021\/01\/atlantis-bildungszentrum-15-1024x683.jpg 1024w, https:\/\/www.atlantis-bildungszentrum.de\/wp-content\/uploads\/2021\/01\/atlantis-bildungszentrum-15-768x512.jpg 768w, https:\/\/www.atlantis-bildungszentrum.de\/wp-content\/uploads\/2021\/01\/atlantis-bildungszentrum-15-1536x1024.jpg 1536w, https:\/\/www.atlantis-bildungszentrum.de\/wp-content\/uploads\/2021\/01\/atlantis-bildungszentrum-15-960x640.jpg 960w, https:\/\/www.atlantis-bildungszentrum.de\/wp-content\/uploads\/2021\/01\/atlantis-bildungszentrum-15-750x500.jpg 750w, https:\/\/www.atlantis-bildungszentrum.de\/wp-content\/uploads\/2021\/01\/atlantis-bildungszentrum-15-570x380.jpg 570w, https:\/\/www.atlantis-bildungszentrum.de\/wp-content\/uploads\/2021\/01\/atlantis-bildungszentrum-15-600x400.jpg 600w, https:\/\/www.atlantis-bildungszentrum.de\/wp-content\/uploads\/2021\/01\/atlantis-bildungszentrum-15-540x360.jpg 540w\" sizes=\"auto, (max-width: 1600px) 100vw, 1600px\" \/><\/div><div class='dt-sc-image-content'><div class='dt-sc-image-title'><h3>Deutschkurs A2<\/h3><h6>Kursdauer: 200 Std.<\/h6><\/div><p>In unserer Bildungseinrichtung in Herne bieten wir Deutschkurse gem\u00e4\u00df dem Gemeinsamen Europ\u00e4ischen Referenzrahmen (GER) an.<\/p>\n<p><button id=\"ubtn-8622\" class=\"ubtn ult-adjust-bottom-margin ult-responsive ubtn-normal ubtn-no-hover-bg none ubtn-right tooltip-5feb5056b1b1c\" type=\"button\" data-hover=\"\" data-border-color=\"\" data-bg=\"#000000\" data-hover-bg=\"\" data-border-hover=\"\" data-shadow-hover=\"\" data-shadow-click=\"none\" data-shadow=\"\" data-shd-shadow=\"\" data-ultimate-target=\"#ubtn-8622\" data-responsive-json-new=\"{&quot;font-size&quot;:&quot;&quot;,&quot;line-height&quot;:&quot;&quot;}\"><span class=\"ubtn-data ubtn-text \">399\u20ac<\/span><\/button><\/p><\/div><\/div><\/div><\/div><\/div><div class=\"wpb_column vc_column_container vc_col-sm-4\"><div class=\"vc_column-inner \"><div class=\"wpb_wrapper\"><div class='dt-sc-image-caption   wpb_animate_when_almost_visible wpb_fadeInRight fadeInRight simple-rounded width100' data-delay='500'><div class='dt-sc-image-wrapper'><img loading=\"lazy\" decoding=\"async\" width=\"1600\" height=\"1067\" src=\"https:\/\/www.atlantis-bildungszentrum.de\/wp-content\/uploads\/2021\/01\/atlantis-bildungszentrum-5.jpg\" class=\"attachment-full\" alt=\"\" title=\"Education\" srcset=\"https:\/\/www.atlantis-bildungszentrum.de\/wp-content\/uploads\/2021\/01\/atlantis-bildungszentrum-5.jpg 1600w, https:\/\/www.atlantis-bildungszentrum.de\/wp-content\/uploads\/2021\/01\/atlantis-bildungszentrum-5-300x200.jpg 300w, https:\/\/www.atlantis-bildungszentrum.de\/wp-content\/uploads\/2021\/01\/atlantis-bildungszentrum-5-1024x683.jpg 1024w, https:\/\/www.atlantis-bildungszentrum.de\/wp-content\/uploads\/2021\/01\/atlantis-bildungszentrum-5-768x512.jpg 768w, https:\/\/www.atlantis-bildungszentrum.de\/wp-content\/uploads\/2021\/01\/atlantis-bildungszentrum-5-1536x1024.jpg 1536w, https:\/\/www.atlantis-bildungszentrum.de\/wp-content\/uploads\/2021\/01\/atlantis-bildungszentrum-5-960x640.jpg 960w, https:\/\/www.atlantis-bildungszentrum.de\/wp-content\/uploads\/2021\/01\/atlantis-bildungszentrum-5-750x500.jpg 750w, https:\/\/www.atlantis-bildungszentrum.de\/wp-content\/uploads\/2021\/01\/atlantis-bildungszentrum-5-570x380.jpg 570w, https:\/\/www.atlantis-bildungszentrum.de\/wp-content\/uploads\/2021\/01\/atlantis-bildungszentrum-5-600x400.jpg 600w, https:\/\/www.atlantis-bildungszentrum.de\/wp-content\/uploads\/2021\/01\/atlantis-bildungszentrum-5-540x360.jpg 540w\" sizes=\"auto, (max-width: 1600px) 100vw, 1600px\" \/><\/div><div class='dt-sc-image-content'><div class='dt-sc-image-title'><h3>Deutschkurs B1<\/h3><h6>Kursdauer: 200 Std.<\/h6><\/div><p>In unserer Bildungseinrichtung in Herne bieten wir Deutschkurse gem\u00e4\u00df dem Gemeinsamen Europ\u00e4ischen Referenzrahmen (GER) an.<\/p>\n<p>&nbsp;<\/p>\n<p><button id=\"ubtn-8622\" class=\"ubtn ult-adjust-bottom-margin ult-responsive ubtn-normal ubtn-no-hover-bg none ubtn-right tooltip-5feb5056b1b1c\" type=\"button\" data-hover=\"\" data-border-color=\"\" data-bg=\"#000000\" data-hover-bg=\"\" data-border-hover=\"\" data-shadow-hover=\"\" data-shadow-click=\"none\" data-shadow=\"\" data-shd-shadow=\"\" data-ultimate-target=\"#ubtn-8622\" data-responsive-json-new=\"{&quot;font-size&quot;:&quot;&quot;,&quot;line-height&quot;:&quot;&quot;}\"><span class=\"ubtn-data ubtn-text \">399\u20ac<\/span><\/button><\/p><\/div><\/div><\/div><\/div><\/div><\/div><div class=\"vc_row wpb_row vc_inner vc_row-fluid\"><div class=\"wpb_column vc_column_container vc_col-sm-4\"><div class=\"vc_column-inner \"><div class=\"wpb_wrapper\"><div class='dt-sc-image-caption   wpb_animate_when_almost_visible wpb_fadeInRight fadeInRight simple-rounded width100' data-delay='500'><div class='dt-sc-image-wrapper'><img loading=\"lazy\" decoding=\"async\" width=\"1600\" height=\"1067\" src=\"https:\/\/www.atlantis-bildungszentrum.de\/wp-content\/uploads\/2021\/01\/atlantis-bildungszentrum-7.jpg\" class=\"attachment-full\" alt=\"Bewerbungstraining f\u00fcr Migranten\" title=\"Bewerbungstraining f\u00fcr Migranten\" srcset=\"https:\/\/www.atlantis-bildungszentrum.de\/wp-content\/uploads\/2021\/01\/atlantis-bildungszentrum-7.jpg 1600w, https:\/\/www.atlantis-bildungszentrum.de\/wp-content\/uploads\/2021\/01\/atlantis-bildungszentrum-7-300x200.jpg 300w, https:\/\/www.atlantis-bildungszentrum.de\/wp-content\/uploads\/2021\/01\/atlantis-bildungszentrum-7-1024x683.jpg 1024w, https:\/\/www.atlantis-bildungszentrum.de\/wp-content\/uploads\/2021\/01\/atlantis-bildungszentrum-7-768x512.jpg 768w, https:\/\/www.atlantis-bildungszentrum.de\/wp-content\/uploads\/2021\/01\/atlantis-bildungszentrum-7-1536x1024.jpg 1536w, https:\/\/www.atlantis-bildungszentrum.de\/wp-content\/uploads\/2021\/01\/atlantis-bildungszentrum-7-960x640.jpg 960w, https:\/\/www.atlantis-bildungszentrum.de\/wp-content\/uploads\/2021\/01\/atlantis-bildungszentrum-7-750x500.jpg 750w, https:\/\/www.atlantis-bildungszentrum.de\/wp-content\/uploads\/2021\/01\/atlantis-bildungszentrum-7-570x380.jpg 570w, https:\/\/www.atlantis-bildungszentrum.de\/wp-content\/uploads\/2021\/01\/atlantis-bildungszentrum-7-600x400.jpg 600w, https:\/\/www.atlantis-bildungszentrum.de\/wp-content\/uploads\/2021\/01\/atlantis-bildungszentrum-7-540x360.jpg 540w\" sizes=\"auto, (max-width: 1600px) 100vw, 1600px\" \/><\/div><div class='dt-sc-image-content'><div class='dt-sc-image-title'><h3>Deutschkurs B2<\/h3><h6>Kursdauer: 200 Std.<\/h6><\/div><p>In unserer Bildungseinrichtung in Herne bieten wir Deutschkurse gem\u00e4\u00df dem Gemeinsamen Europ\u00e4ischen Referenzrahmen (GER) an.<\/p>\n<p><button id=\"ubtn-8622\" class=\"ubtn ult-adjust-bottom-margin ult-responsive ubtn-normal ubtn-no-hover-bg none ubtn-right tooltip-5feb5056b1b1c\" type=\"button\" data-hover=\"\" data-border-color=\"\" data-bg=\"#000000\" data-hover-bg=\"\" data-border-hover=\"\" data-shadow-hover=\"\" data-shadow-click=\"none\" data-shadow=\"\" data-shd-shadow=\"\" data-ultimate-target=\"#ubtn-8622\" data-responsive-json-new=\"{&quot;font-size&quot;:&quot;&quot;,&quot;line-height&quot;:&quot;&quot;}\"><span class=\"ubtn-data ubtn-text \">459\u20ac<\/span><\/button><\/p><\/div><\/div><\/div><\/div><\/div><div class=\"wpb_column vc_column_container vc_col-sm-4\"><div class=\"vc_column-inner \"><div class=\"wpb_wrapper\"><div class='dt-sc-image-caption   wpb_animate_when_almost_visible wpb_fadeInRight fadeInRight simple-rounded width100' data-delay='500'><div class='dt-sc-image-wrapper'><img loading=\"lazy\" decoding=\"async\" width=\"1600\" height=\"1065\" src=\"https:\/\/www.atlantis-bildungszentrum.de\/wp-content\/uploads\/2021\/01\/atlantis-bildungszentrum-6.jpg\" class=\"attachment-full\" alt=\"\" title=\"education, school, teaching, technology and people concept - student and teacher with tablet pc computer\" srcset=\"https:\/\/www.atlantis-bildungszentrum.de\/wp-content\/uploads\/2021\/01\/atlantis-bildungszentrum-6.jpg 1600w, https:\/\/www.atlantis-bildungszentrum.de\/wp-content\/uploads\/2021\/01\/atlantis-bildungszentrum-6-300x200.jpg 300w, https:\/\/www.atlantis-bildungszentrum.de\/wp-content\/uploads\/2021\/01\/atlantis-bildungszentrum-6-1024x682.jpg 1024w, https:\/\/www.atlantis-bildungszentrum.de\/wp-content\/uploads\/2021\/01\/atlantis-bildungszentrum-6-768x511.jpg 768w, https:\/\/www.atlantis-bildungszentrum.de\/wp-content\/uploads\/2021\/01\/atlantis-bildungszentrum-6-1536x1022.jpg 1536w, https:\/\/www.atlantis-bildungszentrum.de\/wp-content\/uploads\/2021\/01\/atlantis-bildungszentrum-6-960x640.jpg 960w, https:\/\/www.atlantis-bildungszentrum.de\/wp-content\/uploads\/2021\/01\/atlantis-bildungszentrum-6-750x499.jpg 750w, https:\/\/www.atlantis-bildungszentrum.de\/wp-content\/uploads\/2021\/01\/atlantis-bildungszentrum-6-570x380.jpg 570w, https:\/\/www.atlantis-bildungszentrum.de\/wp-content\/uploads\/2021\/01\/atlantis-bildungszentrum-6-600x400.jpg 600w, https:\/\/www.atlantis-bildungszentrum.de\/wp-content\/uploads\/2021\/01\/atlantis-bildungszentrum-6-540x359.jpg 540w\" sizes=\"auto, (max-width: 1600px) 100vw, 1600px\" \/><\/div><div class='dt-sc-image-content'><div class='dt-sc-image-title'><h3>Deutschkurs C1<\/h3><h6>Kursdauer: 200 Std.<\/h6><\/div><p>In unserer Bildungseinrichtung in Herne bieten wir Deutschkurse gem\u00e4\u00df dem Gemeinsamen Europ\u00e4ischen Referenzrahmen (GER) an.<\/p>\n<p><button id=\"ubtn-8622\" class=\"ubtn ult-adjust-bottom-margin ult-responsive ubtn-normal ubtn-no-hover-bg none ubtn-right tooltip-5feb5056b1b1c\" type=\"button\" data-hover=\"\" data-border-color=\"\" data-bg=\"#000000\" data-hover-bg=\"\" data-border-hover=\"\" data-shadow-hover=\"\" data-shadow-click=\"none\" data-shadow=\"\" data-shd-shadow=\"\" data-ultimate-target=\"#ubtn-8622\" data-responsive-json-new=\"{&quot;font-size&quot;:&quot;&quot;,&quot;line-height&quot;:&quot;&quot;}\"><span class=\"ubtn-data ubtn-text \">599\u20ac<\/span><\/button><\/p><\/div><\/div><\/div><\/div><\/div><div class=\"wpb_column vc_column_container vc_col-sm-4\"><div class=\"vc_column-inner \"><div class=\"wpb_wrapper\"><\/div><\/div><\/div><\/div><div class=\"vc_empty_space\"   style=\"height: 60px\"><span class=\"vc_empty_space_inner\"><\/span><\/div><div class=\"vc_row wpb_row vc_inner vc_row-fluid\"><div class=\"wpb_column vc_column_container vc_col-sm-12\"><div class=\"vc_column-inner \"><div class=\"wpb_wrapper\"><h2 style=\"font-size: 30px;line-height: 40px;text-align: left\" class=\"vc_custom_heading vcr_heading-right\" >Alle Termine im \u00dcberblick<\/h2>\n\t<div class=\"wpb_text_column wpb_content_element  vc_custom_1544697880169\" >\n\t\t<div class=\"wpb_wrapper\">\n\t\t\t<div class='dt-sc-small-separator '><\/div>\n\n\t\t<\/div>\n\t<\/div>\n<div  class=\"vc_wp_text wpb_content_element\"><div class=\"widget widget_text\">\t\t\t<div class=\"textwidget\"><\/p>\n<table id=\"tablepress-1\" class=\"tablepress tablepress-id-1\">\n<thead>\n<tr class=\"row-1\">\n<th class=\"column-2\">PR\u00dcFUNGS<\/th>\n<th class=\"column-3\"><\/th>\n<th class=\"column-4\">DATUM<\/th>\n<\/tr>\n<\/thead>\n<tbody>\n<tr class=\"row-2\">\n<td class=\"column-1\">telc-Pr\u00fcfung<\/td>\n<td class=\"column-2\">A1 Deutsch<\/td>\n<td class=\"column-3\">26.04.2025<\/td>\n<td class=\"column-4\">Atlantis Bildungszentrum, Bahnhofstr. 23, Herne<\/td>\n<\/tr>\n<tr class=\"row-3\">\n<td class=\"column-1\">telc-Pr\u00fcfung<\/td>\n<td class=\"column-2\">A2 Deutsch<\/td>\n<td class=\"column-3\">26.04.2025<\/td>\n<td class=\"column-4\">Atlantis Bildungszentrum, Bahnhofstr. 23, Herne<\/td>\n<\/tr>\n<tr class=\"row-4\">\n<td class=\"column-1\">telc-Pr\u00fcfung<\/td>\n<td class=\"column-2\">B1 Deutsch<\/td>\n<td class=\"column-3\">26.04.2025<\/td>\n<td class=\"column-4\">Atlantis Bildungszentrum, Bahnhofstr. 23, Herne<\/td>\n<\/tr>\n<tr class=\"row-5\">\n<td class=\"column-1\">telc-Pr\u00fcfung<\/td>\n<td class=\"column-2\">B2 Deutsch<\/td>\n<td class=\"column-3\">26.04.2025<\/td>\n<td class=\"column-4\">Atlantis Bildungszentrum, Bahnhofstr. 23, Herne<\/td>\n<\/tr>\n<tr class=\"row-6\">\n<td class=\"column-1\">telc-Pr\u00fcfung<\/td>\n<td class=\"column-2\">C1-C1 Hochschule Deutsch<\/td>\n<td class=\"column-3\">Auf Anfrage<\/td>\n<td class=\"column-4\">Atlantis Bildungszentrum, Bahnhofstr. 23, Herne<\/td>\n<\/tr>\n<tr class=\"row-7\">\n<td class=\"column-1\"><\/td>\n<td class=\"column-2\"><\/td>\n<td class=\"column-3\"><\/td>\n<td class=\"column-4\"><\/td>\n<\/tr>\n<tr class=\"row-8\">\n<td class=\"column-1\"><\/td>\n<td class=\"column-2\"><\/td>\n<td class=\"column-3\"><\/td>\n<td class=\"column-4\"><\/td>\n<\/tr>\n<\/tbody>\n<\/table>\n<p>\n<\/div>\n\t\t<\/div><\/div><\/div><\/div><\/div><\/div><div id=\"anmeldung-kurse\" class=\"vc_row wpb_row vc_inner vc_row-fluid\"><div class=\"wpb_column vc_column_container vc_col-sm-12\"><div class=\"vc_column-inner \"><div class=\"wpb_wrapper\"><div class=\"vc_empty_space\"   style=\"height: 60px\"><span class=\"vc_empty_space_inner\"><\/span><\/div><h2 style=\"font-size: 30px;line-height: 40px;text-align: left\" class=\"vc_custom_heading vcr_heading-right\" >Anmeldung<\/h2>\n\t<div class=\"wpb_text_column wpb_content_element  vc_custom_1544697880169\" >\n\t\t<div class=\"wpb_wrapper\">\n\t\t\t<div class='dt-sc-small-separator '><\/div>\n\n\t\t<\/div>\n\t<\/div>\n\n<div class=\"wpcf7 no-js\" id=\"wpcf7-f128-o1\" lang=\"de-DE\" dir=\"ltr\" data-wpcf7-id=\"128\">\n<div class=\"screen-reader-response\"><p role=\"status\" aria-live=\"polite\" aria-atomic=\"true\"><\/p> <ul><\/ul><\/div>\n<form action=\"\/index.php\/wp-json\/wp\/v2\/pages\/98#wpcf7-f128-o1\" method=\"post\" class=\"wpcf7-form init\" aria-label=\"Kontaktformular\" novalidate=\"novalidate\" data-status=\"init\">\n<div style=\"display: none;\">\n<input type=\"hidden\" name=\"_wpcf7\" value=\"128\" \/>\n<input type=\"hidden\" name=\"_wpcf7_version\" value=\"6.0.6\" \/>\n<input type=\"hidden\" name=\"_wpcf7_locale\" value=\"de_DE\" \/>\n<input type=\"hidden\" name=\"_wpcf7_unit_tag\" value=\"wpcf7-f128-o1\" \/>\n<input type=\"hidden\" name=\"_wpcf7_container_post\" value=\"0\" \/>\n<input type=\"hidden\" name=\"_wpcf7_posted_data_hash\" value=\"\" \/>\n<input type=\"hidden\" name=\"_wpcf7_recaptcha_response\" value=\"\" \/>\n<\/div>\n<div  data-delay=\"0\" class=\"vc_row wpb_row vc_row-fluid\">\n<\/p>\n<div class=\"wpb_column vc_column_container vc_col-sm-6\" data-delay=\"0\"><div class=\"vc_column-inner \"><div class=\"wpb_wrapper\"><br \/>\n<span class=\"wpcf7-form-control-wrap\" data-name=\"vorname\"><input size=\"40\" maxlength=\"400\" class=\"wpcf7-form-control wpcf7-text wpcf7-validates-as-required\" aria-required=\"true\" aria-invalid=\"false\" placeholder=\"Vorname\" value=\"\" type=\"text\" name=\"vorname\" \/><\/span><br \/>\n<\/div><\/div><\/div>\n<div class=\"wpb_column vc_column_container vc_col-sm-6\" data-delay=\"0\"><div class=\"vc_column-inner \"><div class=\"wpb_wrapper\"><br \/>\n<span class=\"wpcf7-form-control-wrap\" data-name=\"nachname\"><input size=\"40\" maxlength=\"400\" class=\"wpcf7-form-control wpcf7-text wpcf7-validates-as-required\" aria-required=\"true\" aria-invalid=\"false\" placeholder=\"Nachname\" value=\"\" type=\"text\" name=\"nachname\" \/><\/span><br \/>\n<\/div><\/div><\/div>\n<div class=\"wpb_column vc_column_container vc_col-sm-6\" data-delay=\"0\"><div class=\"vc_column-inner \"><div class=\"wpb_wrapper\"><br \/>\n<span class=\"wpcf7-form-control-wrap\" data-name=\"strasse\"><input size=\"40\" maxlength=\"400\" class=\"wpcf7-form-control wpcf7-text wpcf7-validates-as-required\" aria-required=\"true\" aria-invalid=\"false\" placeholder=\"Stra\u00dfe und Hausnummer\" value=\"\" type=\"text\" name=\"strasse\" \/><\/span><br \/>\n<\/div><\/div><\/div>\n<div class=\"wpb_column vc_column_container vc_col-sm-6\" data-delay=\"0\"><div class=\"vc_column-inner \"><div class=\"wpb_wrapper\"><br \/>\n<span class=\"wpcf7-form-control-wrap\" data-name=\"plzort\"><input size=\"40\" maxlength=\"400\" class=\"wpcf7-form-control wpcf7-text wpcf7-validates-as-required\" aria-required=\"true\" aria-invalid=\"false\" placeholder=\"PLZ und Ort\" value=\"\" type=\"text\" name=\"plzort\" \/><\/span><br \/>\n<\/div><\/div><\/div>\n<div class=\"wpb_column vc_column_container vc_col-sm-6\" data-delay=\"0\"><div class=\"vc_column-inner \"><div class=\"wpb_wrapper\"><br \/>\n<span class=\"wpcf7-form-control-wrap\" data-name=\"geburtsort\"><input size=\"40\" maxlength=\"400\" class=\"wpcf7-form-control wpcf7-text wpcf7-validates-as-required\" aria-required=\"true\" aria-invalid=\"false\" placeholder=\"Geburtsort\" value=\"\" type=\"text\" name=\"geburtsort\" \/><\/span><br \/>\n<\/div><\/div><\/div>\n<div class=\"wpb_column vc_column_container vc_col-sm-6\" data-delay=\"0\"><div class=\"vc_column-inner \"><div class=\"wpb_wrapper\"><br \/>\n<span class=\"wpcf7-form-control-wrap\" data-name=\"geburtsland\"><input size=\"40\" maxlength=\"400\" class=\"wpcf7-form-control wpcf7-text wpcf7-validates-as-required\" aria-required=\"true\" aria-invalid=\"false\" placeholder=\"Geburtsland\" value=\"\" type=\"text\" name=\"geburtsland\" \/><\/span><br \/>\n<\/div><\/div><\/div>\n<div class=\"wpb_column vc_column_container vc_col-sm-12\" data-delay=\"0\"><div class=\"vc_column-inner \"><div class=\"wpb_wrapper\"><br \/>\nIhr Geburtsdatum: <span class=\"wpcf7-form-control-wrap\" data-name=\"geburtsdatum\"><input class=\"wpcf7-form-control wpcf7-date wpcf7-validates-as-required wpcf7-validates-as-date\" aria-required=\"true\" aria-invalid=\"false\" placeholder=\"Geburtsdatum\" value=\"\" type=\"date\" name=\"geburtsdatum\" \/><\/span><br \/>\n<\/div><\/div><\/div>\n<div class=\"wpb_column vc_column_container vc_col-sm-6\" data-delay=\"0\"><div class=\"vc_column-inner \"><div class=\"wpb_wrapper\"><br \/>\n<span class=\"wpcf7-form-control-wrap\" data-name=\"nationalitaet\"><input size=\"40\" maxlength=\"400\" class=\"wpcf7-form-control wpcf7-text wpcf7-validates-as-required\" aria-required=\"true\" aria-invalid=\"false\" placeholder=\"Nationalit\u00e4t\" value=\"\" type=\"text\" name=\"nationalitaet\" \/><\/span><br \/>\n<\/div><\/div><\/div>\n<div class=\"wpb_column vc_column_container vc_col-sm-6\" data-delay=\"0\"><div class=\"vc_column-inner \"><div class=\"wpb_wrapper\"><br \/>\n<span class=\"wpcf7-form-control-wrap\" data-name=\"email\"><input size=\"40\" maxlength=\"400\" class=\"wpcf7-form-control wpcf7-email wpcf7-validates-as-required wpcf7-text wpcf7-validates-as-email\" aria-required=\"true\" aria-invalid=\"false\" placeholder=\"Email-Adresse\" value=\"\" type=\"email\" name=\"email\" \/><\/span><br \/>\n<\/div><\/div><\/div>\n<div class=\"wpb_column vc_column_container vc_col-sm-6\" data-delay=\"0\"><div class=\"vc_column-inner \"><div class=\"wpb_wrapper\"><br \/>\n<span class=\"wpcf7-form-control-wrap\" data-name=\"telefon\"><input size=\"40\" maxlength=\"400\" class=\"wpcf7-form-control wpcf7-tel wpcf7-validates-as-required wpcf7-text wpcf7-validates-as-tel\" aria-required=\"true\" aria-invalid=\"false\" placeholder=\"Telefon\" value=\"\" type=\"tel\" name=\"telefon\" \/><\/span><br \/>\n<\/div><\/div><\/div>\n<div class=\"wpb_column vc_column_container vc_col-sm-12\" data-delay=\"0\"><div class=\"vc_column-inner \"><div class=\"wpb_wrapper\"><br \/>\nLaden Sie bitte Ihre Ausweisdaten hoch<br \/>\n<span class=\"wpcf7-form-control-wrap\" data-name=\"ausweisdaten\"><input size=\"40\" class=\"wpcf7-form-control wpcf7-drag-n-drop-file d-none\" aria-invalid=\"false\" type=\"file\" multiple=\"multiple\" data-name=\"ausweisdaten\" data-type=\"jpeg|jpg|png|pdf\" data-limit=\"10485760\" data-min=\"1\" data-max=\"10\" data-id=\"128\" data-version=\"free version 1.3.9.0\" accept=\".jpeg, .jpg, .png, .pdf\" \/><\/span><br \/>\n<\/div><\/div><\/div>\n<p>Bitte w\u00e4hlen Sie, ob Sie sich f\u00fcr einen Kurs oder f\u00fcr eine Pr\u00fcfung anmelden m\u00f6chten.\n<\/p>\n<div class=\"wpb_column vc_column_container vc_col-sm-12\" data-delay=\"0\"><div class=\"vc_column-inner \"><div class=\"wpb_wrapper\"><br \/>\nF\u00fcr welche Pr\u00fcfung m\u00f6chten Sie sich anmelden?<br \/>\n<span class=\"wpcf7-form-control-wrap\" data-name=\"kurs\"><select class=\"wpcf7-form-control wpcf7-select wpcf7-validates-as-required\" aria-required=\"true\" aria-invalid=\"false\" name=\"kurs\"><option value=\"keine Auswahl\">keine Auswahl<\/option><option value=\"Deutschkurs A1\">Deutschkurs A1<\/option><option value=\"Deutschkurs A2\">Deutschkurs A2<\/option><option value=\"Deutschkurs B1\">Deutschkurs B1<\/option><option value=\"Deutschkurs B2\">Deutschkurs B2<\/option><option value=\"Deutschkurs C1\">Deutschkurs C1<\/option><option value=\"Deutschkurs C1 Hochschule\">Deutschkurs C1 Hochschule<\/option><\/select><\/span><br \/>\n<\/div><\/div><\/div>\n<div class=\"wpb_column vc_column_container vc_col-sm-6\" data-delay=\"0\"><div class=\"vc_column-inner \"><div class=\"wpb_wrapper\"><br \/>\nF\u00fcr welchen Kurs m\u00f6chten Sie sich anmelden?<br \/>\n<span class=\"wpcf7-form-control-wrap\" data-name=\"gewkursbeginn\"><select class=\"wpcf7-form-control wpcf7-select\" aria-invalid=\"false\" name=\"gewkursbeginn\"><option value=\"keine Auswahl\">keine Auswahl<\/option><option value=\"Deutschkurs A1 (Vormittagskurs)\">Deutschkurs A1 (Vormittagskurs)<\/option><option value=\"Deutschkurs A1 (Abendkurs)\">Deutschkurs A1 (Abendkurs)<\/option><\/select><\/span>\n<\/p>\n<p><\/div><\/div><\/div>\n<div class=\"wpb_column vc_column_container vc_col-sm-12\" data-delay=\"0\"><div class=\"vc_column-inner \"><div class=\"wpb_wrapper\"><br \/>\nIhre Nachricht an uns (optional)<br \/>\n<span class=\"wpcf7-form-control-wrap\" data-name=\"nachricht\"><textarea cols=\"40\" rows=\"10\" maxlength=\"2000\" class=\"wpcf7-form-control wpcf7-textarea\" aria-invalid=\"false\" name=\"nachricht\"><\/textarea><\/span><br \/>\n<\/div><\/div><\/div>\n<div class=\"wpb_column vc_column_container vc_col-sm-12\" data-delay=\"0\"><div class=\"vc_column-inner \"><div class=\"wpb_wrapper\"><br \/>\n<strong>Datenschutzschutzerkl\u00e4rung<\/strong><br \/>\n<span class=\"wpcf7-form-control-wrap\" data-name=\"acceptance-753\"><span class=\"wpcf7-form-control wpcf7-acceptance\"><span class=\"wpcf7-list-item\"><label><input type=\"checkbox\" name=\"acceptance-753\" value=\"1\" aria-invalid=\"false\" \/><span class=\"wpcf7-list-item-label\">Ich stimme zu, dass meine Angaben aus dem Kontaktformular zur Beantwortung meiner Anfrage erhoben und verarbeitet werden. Hinweis: Sie k\u00f6nnen Ihre Einwilligung jederzeit f\u00fcr die Zukunft per E-Mail an info@atlantis-bildungszentrum.de widerrufen. Detaillierte Informationen zum Umgang mit Nutzerdaten finden Sie in unserer <a href=\"#\">Datenschutzerkl\u00e4rung<\/a>.<\/span><\/label><\/span><\/span><\/span><br \/>\n<\/div><\/div><\/div>\n<p><input class=\"wpcf7-form-control wpcf7-submit has-spinner\" type=\"submit\" value=\"Senden\" \/>\n<\/p>\n<p><\/div><p style=\"display: none !important;\" class=\"akismet-fields-container\" data-prefix=\"_wpcf7_ak_\"><label>&#916;<textarea name=\"_wpcf7_ak_hp_textarea\" cols=\"45\" rows=\"8\" maxlength=\"100\"><\/textarea><\/label><input type=\"hidden\" id=\"ak_js_1\" name=\"_wpcf7_ak_js\" value=\"40\"\/><script>document.getElementById( \"ak_js_1\" ).setAttribute( \"value\", ( new Date() ).getTime() );<\/script><\/p><div class=\"wpcf7-response-output\" aria-hidden=\"true\"><\/div>\n<\/form>\n<\/div>\n<\/div><\/div><\/div><\/div><\/div><\/div><\/div><\/div>\n<\/div>","protected":false},"excerpt":{"rendered":"N\u00e4chste Pr\u00fcfungstermine telc-Pr\u00fcfung A1 DeutschPr\u00fcfungsdatum: 26.06.2026 Pr\u00fcfungsort: Bahnhofstr. 23, 44623 Hernetelc-Pr\u00fcfung A2 DeutschPr\u00fcfungsdatum: 26.06.2026 Pr\u00fcfungsort: Bahnhofstr. 23, 44623 Hernetelc-Pr\u00fcfung B1 DeutschPr\u00fcfungsdatum: 27.06.2026 Pr\u00fcfungsort: Bahnhofstr. 23, 44623 Hernetelc-Pr\u00fcfung B2 DeutschPr\u00fcfungsdatum: 27.06.2026 Pr\u00fcfungsort: Bahnhofstr. 23, 44623 Hernetelc-Pr\u00fcfung C1 DeutschPr\u00fcfungsdatum: 27.06.2026 Pr\u00fcfungsort: Bahnhofstr. 23, 44623 Hernetelc-Pr\u00fcfung C1 Deutsch \/ HochschulePr\u00fcfungsdatum: 27.06.2026 Pr\u00fcfungsort: Bahnhofstr. 23, 44623 HerneTelc Deutsch C2Pr\u00fcfungsdatum: [...]","protected":false},"author":9,"featured_media":0,"parent":0,"menu_order":0,"comment_status":"closed","ping_status":"closed","template":"","meta":{"footnotes":""},"class_list":["post-98","page","type-page","status-publish","hentry"],"_links":{"self":[{"href":"https:\/\/www.atlantis-bildungszentrum.de\/index.php\/wp-json\/wp\/v2\/pages\/98","targetHints":{"allow":["GET"]}}],"collection":[{"href":"https:\/\/www.atlantis-bildungszentrum.de\/index.php\/wp-json\/wp\/v2\/pages"}],"about":[{"href":"https:\/\/www.atlantis-bildungszentrum.de\/index.php\/wp-json\/wp\/v2\/types\/page"}],"author":[{"embeddable":true,"href":"https:\/\/www.atlantis-bildungszentrum.de\/index.php\/wp-json\/wp\/v2\/users\/9"}],"replies":[{"embeddable":true,"href":"https:\/\/www.atlantis-bildungszentrum.de\/index.php\/wp-json\/wp\/v2\/comments?post=98"}],"version-history":[{"count":5,"href":"https:\/\/www.atlantis-bildungszentrum.de\/index.php\/wp-json\/wp\/v2\/pages\/98\/revisions"}],"predecessor-version":[{"id":610,"href":"https:\/\/www.atlantis-bildungszentrum.de\/index.php\/wp-json\/wp\/v2\/pages\/98\/revisions\/610"}],"wp:attachment":[{"href":"https:\/\/www.atlantis-bildungszentrum.de\/index.php\/wp-json\/wp\/v2\/media?parent=98"}],"curies":[{"name":"wp","href":"https:\/\/api.w.org\/{rel}","templated":true}]}}